{"id":61773,"date":"2021-04-07T15:07:30","date_gmt":"2021-04-07T13:07:30","guid":{"rendered":"https:\/\/anasounds.com\/?post_type=product&#038;p=61773"},"modified":"2021-09-27T10:31:14","modified_gmt":"2021-09-27T08:31:14","slug":"cable-haut-parleur-pour-relier-le-cab-a-lampli-taille-au-choix-sur-mesure","status":"publish","type":"product","link":"https:\/\/anasounds.com\/fr\/produit\/cable-haut-parleur-pour-relier-le-cab-a-lampli-taille-au-choix-sur-mesure\/","title":{"rendered":"c\u00e2ble jack haut parleur | pour relier le cab \u00e0 l&rsquo;ampli | taille au choix, sur mesure"},"content":{"rendered":"<h3 style=\"text-align: center;\">des jack fran\u00e7ais!<\/h3>\n<p style=\"text-align: center;\">Tous nos jacks sont assembl\u00e9s \u00e0 la main dans nos locaux. La qualit\u00e9 des mat\u00e9riaux utilis\u00e9e est bien \u00e9videmment s\u00e9lectionn\u00e9e.<\/p>\n<p style=\"text-align: center;\">Nos jacks haut parleurs sont pr\u00e9par\u00e9s avec du c\u00e2ble <a href=\"https:\/\/www.sommercable.com\/\">Sommercable<\/a> <a href=\"https:\/\/anasounds.com\/fr\/produit\/sommercable-magellan-spk225-cable-pour-haut-parleur-au-metre\/\">Magellan SPK225<\/a>, et des connecteurs jacks premium <a href=\"https:\/\/anasounds.com\/fr\/produit\/anasounds-connecteur-jack-droit-sommercable-pour-guitare\/\">droits<\/a> ou <a href=\"https:\/\/anasounds.com\/fr\/produit\/anasounds-connecteur-jack-coude-sommercable-pour-guitare\/\">coud\u00e9s<\/a> au choix.<\/p>\n<h3 style=\"text-align: center;\">jack pour haut parleur<\/h3>\n<p style=\"text-align: center;\">A la diff\u00e9rence des jacks de guitares, ce jack est con\u00e7u pour encaisser les fortes puissances qu&rsquo;envoie l&rsquo;ampli au cab.<br \/>\nOn vous d\u00e9conseille donc d&rsquo;utiliser nos autres mod\u00e8les de c\u00e2bles pour relier un ampli \u00e0 un cab, au risque d&rsquo;abimer le transfo de sortie de l&rsquo;ampli.<\/p>\n<p style=\"text-align: center;\">A l&rsquo;inverse, ce jack haut parleur n&rsquo;est pas id\u00e9al pour \u00eatre utilis\u00e9 comme un jack de guitare.<br \/>\nPour \u00e7a, on propose toute une <a href=\"https:\/\/anasounds.com\/fr\/categorie-produit\/jacks-fr\/jacks-anasounds\/\">gamme de c\u00e2bles<\/a> guitare et patchs de pedalboard de qualit\u00e9. Avec des perfs parmi les meilleures du march\u00e9 !<\/p>\n<h3 style=\"text-align: center;\">polarit\u00e9 standard ou invers\u00e9e ?<\/h3>\n<p style=\"text-align: center;\">On utilise en g\u00e9n\u00e9ral la polarit\u00e9 standard.<br \/>\nMais si jamais tu as besoin d&rsquo;un c\u00e2ble \u00e0 polarit\u00e9 invers\u00e9, si tu as 2 baffles qui ne sont pas en phase, ou pour une autre raison, on peut aussi le faire !<\/p>\n","protected":false},"excerpt":{"rendered":"<p style=\"text-align: center;\">C\u00e2ble haut parleur de haute qualit\u00e9 assembl\u00e9 \u00e0 la main, avec connecteurs Hicon et c\u00e2ble Sommercable.<\/p>\n","protected":false},"featured_media":62563,"comment_status":"open","ping_status":"closed","template":"","meta":[],"product_brand":[],"product_cat":[259,260,1166],"product_tag":[],"class_list":{"0":"post-61773","1":"product","2":"type-product","3":"status-publish","4":"has-post-thumbnail","6":"product_cat-jacks-fr","7":"product_cat-jacks-anasounds","8":"product_cat-jacks-haut-parleur","10":"first","11":"instock","12":"taxable","13":"shipping-taxable","14":"purchasable","15":"product-type-variable"},"supplier_id":null,"supplier_sku":"","barcode":null,"atum_controlled":true,"out_stock_date":null,"out_stock_threshold":null,"inheritable":true,"inbound_stock":0,"stock_on_hold":1,"sold_today":0,"sales_last_days":1,"reserved_stock":0,"customer_returns":0,"warehouse_damage":0,"lost_in_post":0,"other_logs":0,"out_stock_days":0,"lost_sales":0,"has_location":false,"update_date":"2026-04-28T01:16:09","atum_locations":[],"atum_stock_status":"instock","restock_status":false,"low_stock_amount":"","sales_update_date":"2026-04-28T01:16:08","calc_backorders":null,"yoast_head":"<!-- This site is optimized with the Yoast SEO plugin v26.5 - https:\/\/yoast.com\/wordpress\/plugins\/seo\/ -->\n<title>Jack haut parleur | pour relier le cab \u00e0 l&#039;ampli | customisable | Anasounds<\/title>\n<meta name=\"description\" content=\"Un c\u00e2ble jack haut parleur de qualit\u00e9 assembl\u00e9 \u00e0 la main, pour relier un baffle \u00e0 un ampli ! Plusieurs longueurs disponibles.\" \/>\n<meta name=\"robots\" content=\"index, follow, max-snippet:-1, max-image-preview:large, max-video-preview:-1\" \/>\n<link rel=\"canonical\" href=\"https:\/\/anasounds.com\/fr\/produit\/cable-haut-parleur-pour-relier-le-cab-a-lampli-taille-au-choix-sur-mesure\/\" \/>\n<meta property=\"og:locale\" content=\"fr_FR\" \/>\n<meta property=\"og:type\" content=\"article\" \/>\n<meta property=\"og:title\" content=\"Jack haut parleur | pour relier le cab \u00e0 l&#039;ampli | customisable | Anasounds\" \/>\n<meta property=\"og:description\" content=\"Un c\u00e2ble jack haut parleur de qualit\u00e9 assembl\u00e9 \u00e0 la main, pour relier un baffle \u00e0 un ampli ! Plusieurs longueurs disponibles.\" \/>\n<meta property=\"og:url\" content=\"https:\/\/anasounds.com\/fr\/produit\/cable-haut-parleur-pour-relier-le-cab-a-lampli-taille-au-choix-sur-mesure\/\" \/>\n<meta property=\"og:site_name\" content=\"Anasounds\" \/>\n<meta property=\"article:publisher\" content=\"https:\/\/www.facebook.com\/AnasoundsFX\/\" \/>\n<meta property=\"article:modified_time\" content=\"2021-09-27T08:31:14+00:00\" \/>\n<meta property=\"og:image\" content=\"https:\/\/anasounds.com\/wp-content\/uploads\/2021\/04\/jack-haut-parleur-1.jpg\" \/>\n\t<meta property=\"og:image:width\" content=\"2048\" \/>\n\t<meta property=\"og:image:height\" content=\"2048\" \/>\n\t<meta property=\"og:image:type\" content=\"image\/jpeg\" \/>\n<meta name=\"twitter:card\" content=\"summary_large_image\" \/>\n<meta name=\"twitter:label1\" content=\"Dur\u00e9e de lecture estim\u00e9e\" \/>\n\t<meta name=\"twitter:data1\" content=\"1 minute\" \/>\n<script type=\"application\/ld+json\" class=\"yoast-schema-graph\">{\"@context\":\"https:\/\/schema.org\",\"@graph\":[{\"@type\":\"WebPage\",\"@id\":\"https:\/\/anasounds.com\/fr\/produit\/cable-haut-parleur-pour-relier-le-cab-a-lampli-taille-au-choix-sur-mesure\/\",\"url\":\"https:\/\/anasounds.com\/fr\/produit\/cable-haut-parleur-pour-relier-le-cab-a-lampli-taille-au-choix-sur-mesure\/\",\"name\":\"Jack haut parleur | pour relier le cab \u00e0 l'ampli | customisable | Anasounds\",\"isPartOf\":{\"@id\":\"https:\/\/anasounds.com\/#website\"},\"primaryImageOfPage\":{\"@id\":\"https:\/\/anasounds.com\/fr\/produit\/cable-haut-parleur-pour-relier-le-cab-a-lampli-taille-au-choix-sur-mesure\/#primaryimage\"},\"image\":{\"@id\":\"https:\/\/anasounds.com\/fr\/produit\/cable-haut-parleur-pour-relier-le-cab-a-lampli-taille-au-choix-sur-mesure\/#primaryimage\"},\"thumbnailUrl\":\"https:\/\/anasounds.com\/wp-content\/uploads\/2021\/04\/jack-haut-parleur-1.jpg\",\"datePublished\":\"2021-04-07T13:07:30+00:00\",\"dateModified\":\"2021-09-27T08:31:14+00:00\",\"description\":\"Un c\u00e2ble jack haut parleur de qualit\u00e9 assembl\u00e9 \u00e0 la main, pour relier un baffle \u00e0 un ampli ! Plusieurs longueurs disponibles.\",\"breadcrumb\":{\"@id\":\"https:\/\/anasounds.com\/fr\/produit\/cable-haut-parleur-pour-relier-le-cab-a-lampli-taille-au-choix-sur-mesure\/#breadcrumb\"},\"inLanguage\":\"fr-FR\",\"potentialAction\":[{\"@type\":\"ReadAction\",\"target\":[\"https:\/\/anasounds.com\/fr\/produit\/cable-haut-parleur-pour-relier-le-cab-a-lampli-taille-au-choix-sur-mesure\/\"]}]},{\"@type\":\"ImageObject\",\"inLanguage\":\"fr-FR\",\"@id\":\"https:\/\/anasounds.com\/fr\/produit\/cable-haut-parleur-pour-relier-le-cab-a-lampli-taille-au-choix-sur-mesure\/#primaryimage\",\"url\":\"https:\/\/anasounds.com\/wp-content\/uploads\/2021\/04\/jack-haut-parleur-1.jpg\",\"contentUrl\":\"https:\/\/anasounds.com\/wp-content\/uploads\/2021\/04\/jack-haut-parleur-1.jpg\",\"width\":2048,\"height\":2048},{\"@type\":\"BreadcrumbList\",\"@id\":\"https:\/\/anasounds.com\/fr\/produit\/cable-haut-parleur-pour-relier-le-cab-a-lampli-taille-au-choix-sur-mesure\/#breadcrumb\",\"itemListElement\":[{\"@type\":\"ListItem\",\"position\":1,\"name\":\"Home\",\"item\":\"https:\/\/anasounds.com\/fr\/\"},{\"@type\":\"ListItem\",\"position\":2,\"name\":\"boutique\",\"item\":\"https:\/\/anasounds.com\/fr\/shop\/\"},{\"@type\":\"ListItem\",\"position\":3,\"name\":\"c\u00e2ble jack haut parleur | pour relier le cab \u00e0 l&#8217;ampli | taille au choix, sur mesure\"}]},{\"@type\":\"WebSite\",\"@id\":\"https:\/\/anasounds.com\/#website\",\"url\":\"https:\/\/anasounds.com\/\",\"name\":\"Anasounds\",\"description\":\"P\u00e9dales \u00e0 la Fran\u00e7aise\",\"publisher\":{\"@id\":\"https:\/\/anasounds.com\/#organization\"},\"potentialAction\":[{\"@type\":\"SearchAction\",\"target\":{\"@type\":\"EntryPoint\",\"urlTemplate\":\"https:\/\/anasounds.com\/?s={search_term_string}\"},\"query-input\":{\"@type\":\"PropertyValueSpecification\",\"valueRequired\":true,\"valueName\":\"search_term_string\"}}],\"inLanguage\":\"fr-FR\"},{\"@type\":\"Organization\",\"@id\":\"https:\/\/anasounds.com\/#organization\",\"name\":\"Anasounds\",\"url\":\"https:\/\/anasounds.com\/\",\"logo\":{\"@type\":\"ImageObject\",\"inLanguage\":\"fr-FR\",\"@id\":\"https:\/\/anasounds.com\/#\/schema\/logo\/image\/\",\"url\":\"https:\/\/anasounds.com\/wp-content\/uploads\/2017\/10\/Logomadeinfrnoirblc.png\",\"contentUrl\":\"https:\/\/anasounds.com\/wp-content\/uploads\/2017\/10\/Logomadeinfrnoirblc.png\",\"width\":300,\"height\":300,\"caption\":\"Anasounds\"},\"image\":{\"@id\":\"https:\/\/anasounds.com\/#\/schema\/logo\/image\/\"},\"sameAs\":[\"https:\/\/www.facebook.com\/AnasoundsFX\/\",\"https:\/\/www.instagram.com\/anasounds\/\",\"https:\/\/www.youtube.com\/user\/AnaSoundsFR\"]}]}<\/script>\n<!-- \/ Yoast SEO plugin. -->","yoast_head_json":{"title":"Jack haut parleur | pour relier le cab \u00e0 l'ampli | customisable | Anasounds","description":"Un c\u00e2ble jack haut parleur de qualit\u00e9 assembl\u00e9 \u00e0 la main, pour relier un baffle \u00e0 un ampli ! Plusieurs longueurs disponibles.","robots":{"index":"index","follow":"follow","max-snippet":"max-snippet:-1","max-image-preview":"max-image-preview:large","max-video-preview":"max-video-preview:-1"},"canonical":"https:\/\/anasounds.com\/fr\/produit\/cable-haut-parleur-pour-relier-le-cab-a-lampli-taille-au-choix-sur-mesure\/","og_locale":"fr_FR","og_type":"article","og_title":"Jack haut parleur | pour relier le cab \u00e0 l'ampli | customisable | Anasounds","og_description":"Un c\u00e2ble jack haut parleur de qualit\u00e9 assembl\u00e9 \u00e0 la main, pour relier un baffle \u00e0 un ampli ! Plusieurs longueurs disponibles.","og_url":"https:\/\/anasounds.com\/fr\/produit\/cable-haut-parleur-pour-relier-le-cab-a-lampli-taille-au-choix-sur-mesure\/","og_site_name":"Anasounds","article_publisher":"https:\/\/www.facebook.com\/AnasoundsFX\/","article_modified_time":"2021-09-27T08:31:14+00:00","og_image":[{"width":2048,"height":2048,"url":"https:\/\/anasounds.com\/wp-content\/uploads\/2021\/04\/jack-haut-parleur-1.jpg","type":"image\/jpeg"}],"twitter_card":"summary_large_image","twitter_misc":{"Dur\u00e9e de lecture estim\u00e9e":"1 minute"},"schema":{"@context":"https:\/\/schema.org","@graph":[{"@type":"WebPage","@id":"https:\/\/anasounds.com\/fr\/produit\/cable-haut-parleur-pour-relier-le-cab-a-lampli-taille-au-choix-sur-mesure\/","url":"https:\/\/anasounds.com\/fr\/produit\/cable-haut-parleur-pour-relier-le-cab-a-lampli-taille-au-choix-sur-mesure\/","name":"Jack haut parleur | pour relier le cab \u00e0 l'ampli | customisable | Anasounds","isPartOf":{"@id":"https:\/\/anasounds.com\/#website"},"primaryImageOfPage":{"@id":"https:\/\/anasounds.com\/fr\/produit\/cable-haut-parleur-pour-relier-le-cab-a-lampli-taille-au-choix-sur-mesure\/#primaryimage"},"image":{"@id":"https:\/\/anasounds.com\/fr\/produit\/cable-haut-parleur-pour-relier-le-cab-a-lampli-taille-au-choix-sur-mesure\/#primaryimage"},"thumbnailUrl":"https:\/\/anasounds.com\/wp-content\/uploads\/2021\/04\/jack-haut-parleur-1.jpg","datePublished":"2021-04-07T13:07:30+00:00","dateModified":"2021-09-27T08:31:14+00:00","description":"Un c\u00e2ble jack haut parleur de qualit\u00e9 assembl\u00e9 \u00e0 la main, pour relier un baffle \u00e0 un ampli ! Plusieurs longueurs disponibles.","breadcrumb":{"@id":"https:\/\/anasounds.com\/fr\/produit\/cable-haut-parleur-pour-relier-le-cab-a-lampli-taille-au-choix-sur-mesure\/#breadcrumb"},"inLanguage":"fr-FR","potentialAction":[{"@type":"ReadAction","target":["https:\/\/anasounds.com\/fr\/produit\/cable-haut-parleur-pour-relier-le-cab-a-lampli-taille-au-choix-sur-mesure\/"]}]},{"@type":"ImageObject","inLanguage":"fr-FR","@id":"https:\/\/anasounds.com\/fr\/produit\/cable-haut-parleur-pour-relier-le-cab-a-lampli-taille-au-choix-sur-mesure\/#primaryimage","url":"https:\/\/anasounds.com\/wp-content\/uploads\/2021\/04\/jack-haut-parleur-1.jpg","contentUrl":"https:\/\/anasounds.com\/wp-content\/uploads\/2021\/04\/jack-haut-parleur-1.jpg","width":2048,"height":2048},{"@type":"BreadcrumbList","@id":"https:\/\/anasounds.com\/fr\/produit\/cable-haut-parleur-pour-relier-le-cab-a-lampli-taille-au-choix-sur-mesure\/#breadcrumb","itemListElement":[{"@type":"ListItem","position":1,"name":"Home","item":"https:\/\/anasounds.com\/fr\/"},{"@type":"ListItem","position":2,"name":"boutique","item":"https:\/\/anasounds.com\/fr\/shop\/"},{"@type":"ListItem","position":3,"name":"c\u00e2ble jack haut parleur | pour relier le cab \u00e0 l&#8217;ampli | taille au choix, sur mesure"}]},{"@type":"WebSite","@id":"https:\/\/anasounds.com\/#website","url":"https:\/\/anasounds.com\/","name":"Anasounds","description":"P\u00e9dales \u00e0 la Fran\u00e7aise","publisher":{"@id":"https:\/\/anasounds.com\/#organization"},"potentialAction":[{"@type":"SearchAction","target":{"@type":"EntryPoint","urlTemplate":"https:\/\/anasounds.com\/?s={search_term_string}"},"query-input":{"@type":"PropertyValueSpecification","valueRequired":true,"valueName":"search_term_string"}}],"inLanguage":"fr-FR"},{"@type":"Organization","@id":"https:\/\/anasounds.com\/#organization","name":"Anasounds","url":"https:\/\/anasounds.com\/","logo":{"@type":"ImageObject","inLanguage":"fr-FR","@id":"https:\/\/anasounds.com\/#\/schema\/logo\/image\/","url":"https:\/\/anasounds.com\/wp-content\/uploads\/2017\/10\/Logomadeinfrnoirblc.png","contentUrl":"https:\/\/anasounds.com\/wp-content\/uploads\/2017\/10\/Logomadeinfrnoirblc.png","width":300,"height":300,"caption":"Anasounds"},"image":{"@id":"https:\/\/anasounds.com\/#\/schema\/logo\/image\/"},"sameAs":["https:\/\/www.facebook.com\/AnasoundsFX\/","https:\/\/www.instagram.com\/anasounds\/","https:\/\/www.youtube.com\/user\/AnaSoundsFR"]}]}},"_links":{"self":[{"href":"https:\/\/anasounds.com\/fr\/wp-json\/wp\/v2\/product\/61773","targetHints":{"allow":["GET"]}}],"collection":[{"href":"https:\/\/anasounds.com\/fr\/wp-json\/wp\/v2\/product"}],"about":[{"href":"https:\/\/anasounds.com\/fr\/wp-json\/wp\/v2\/types\/product"}],"replies":[{"embeddable":true,"href":"https:\/\/anasounds.com\/fr\/wp-json\/wp\/v2\/comments?post=61773"}],"wp:featuredmedia":[{"embeddable":true,"href":"https:\/\/anasounds.com\/fr\/wp-json\/wp\/v2\/media\/62563"}],"wp:attachment":[{"href":"https:\/\/anasounds.com\/fr\/wp-json\/wp\/v2\/media?parent=61773"}],"wp:term":[{"taxonomy":"product_brand","embeddable":true,"href":"https:\/\/anasounds.com\/fr\/wp-json\/wp\/v2\/product_brand?post=61773"},{"taxonomy":"product_cat","embeddable":true,"href":"https:\/\/anasounds.com\/fr\/wp-json\/wp\/v2\/product_cat?post=61773"},{"taxonomy":"product_tag","embeddable":true,"href":"https:\/\/anasounds.com\/fr\/wp-json\/wp\/v2\/product_tag?post=61773"}],"curies":[{"name":"wp","href":"https:\/\/api.w.org\/{rel}","templated":true}]}}