{"id":61881,"date":"2021-04-08T10:14:22","date_gmt":"2021-04-08T08:14:22","guid":{"rendered":"https:\/\/anasounds.com\/?post_type=product&#038;p=61881"},"modified":"2026-04-27T10:09:01","modified_gmt":"2026-04-27T08:09:01","slug":"sommercable-magellan-spk225-cable-pour-haut-parleur-au-metre","status":"publish","type":"product","link":"https:\/\/anasounds.com\/fr\/produit\/sommercable-magellan-spk225-cable-pour-haut-parleur-au-metre\/","title":{"rendered":"sommercable magellan spk225 | c\u00e2ble pour haut parleur | au m\u00e8tre"},"content":{"rendered":"<h3 style=\"text-align: center;\">un c\u00e2ble sur mesure<\/h3>\n<p style=\"text-align: center;\">Le <a href=\"https:\/\/www.sommercable.com\/\">Sommercable<\/a> Magellan SPK225 est la r\u00e9f\u00e9rence pour les c\u00e2bles de haut parleur.<br \/>\nCe c\u00e2ble seul vendu au m\u00e8tre te permettras de te fabriquer tes propres c\u00e2bles haut parleur sur mesure.<br \/>\nIl s&rsquo;agit d&rsquo;un c\u00e2ble coaxial sp\u00e9cialement con\u00e7u pour les hautes puissances, g\u00e9n\u00e9r\u00e9es par l&rsquo;ampli pour faire bouger le haut parleur.<\/p>\n<p style=\"text-align: center;\">Avec ce c\u00e2ble, on utilise nos connecteurs jack premium <a href=\"https:\/\/anasounds.com\/fr\/produit\/anasounds-connecteur-jack-droit-sommercable-pour-guitare\/\">droits<\/a> ou<a href=\"https:\/\/anasounds.com\/fr\/produit\/anasounds-connecteur-jack-coude-sommercable-pour-guitare\/\"> coud\u00e9s<\/a>, pour un jack \u00e0 toute \u00e9preuve !<br \/>\nOn propose aussi les <a href=\"https:\/\/anasounds.com\/fr\/produit\/cable-haut-parleur-pour-relier-le-cab-a-lampli-taille-au-choix-sur-mesure\/\">c\u00e2bles tout fait<\/a>, assembl\u00e9s \u00e0 la main, avec un grand choix de longueurs diff\u00e9rentes.<\/p>\n<h3 style=\"text-align: center;\">c\u00e2ble pour haut parleur<\/h3>\n<p style=\"text-align: center;\">A la diff\u00e9rence des c\u00e2bles de guitares, ce c\u00e2ble est con\u00e7u pour encaisser les fortes puissances qu&rsquo;envoie l&rsquo;ampli au cab.<br \/>\nIl est donc d\u00e9conseill\u00e9 d&rsquo;utiliser nos autres mod\u00e8les de c\u00e2bles pour faire un c\u00e2ble de haut parleur, au risque d&rsquo;abimer le transfo de sortie de l&rsquo;ampli.<\/p>\n<p style=\"text-align: center;\">A l&rsquo;inverse, ce c\u00e2ble n&rsquo;est pas id\u00e9al pour faire un c\u00e2ble de guitare.<br \/>\nPour les c\u00e2bles de guitare, on utilise le <a href=\"https:\/\/anasounds.com\/fr\/produit\/sommercable-spirit-llx-cable\/\">Spirit LLX<\/a>, ou le <a href=\"https:\/\/anasounds.com\/fr\/produit\/sommercable-spirit-xxl-cable-only\/\">Spirit XXL<\/a>\u00a0pour les patchs de pedalboard.<\/p>\n","protected":false},"excerpt":{"rendered":"<p style=\"text-align: center;\">Le Magellan SPK225 de chez Sommercable est la r\u00e9f\u00e9rence pour fabriquer des c\u00e2bles pour haut parleurs sur mesure !<\/p>\n","protected":false},"featured_media":62483,"comment_status":"open","ping_status":"closed","template":"","meta":[],"product_brand":[],"product_cat":[259,261,1175],"product_tag":[],"class_list":{"0":"post-61881","1":"product","2":"type-product","3":"status-publish","4":"has-post-thumbnail","6":"product_cat-jacks-fr","7":"product_cat-jacks-diy","8":"product_cat-jacks-haut-parleur-fr","10":"first","11":"instock","12":"taxable","13":"shipping-taxable","14":"purchasable","15":"product-type-simple"},"supplier_id":83519,"supplier_sku":"425-0201","barcode":null,"atum_controlled":true,"out_stock_date":null,"out_stock_threshold":null,"inheritable":false,"inbound_stock":0,"stock_on_hold":0,"sold_today":0,"sales_last_days":0,"reserved_stock":0,"customer_returns":0,"warehouse_damage":0,"lost_in_post":0,"other_logs":0,"out_stock_days":0,"lost_sales":0,"has_location":false,"update_date":"2026-04-27T17:03:41","atum_locations":[],"atum_stock_status":"instock","restock_status":false,"low_stock_amount":"","sales_update_date":"2026-04-27T17:03:41","calc_backorders":0,"yoast_head":"<!-- This site is optimized with the Yoast SEO plugin v26.5 - https:\/\/yoast.com\/wordpress\/plugins\/seo\/ -->\n<title>sommercable magellan spk225 | c\u00e2ble pour haut parleur | au m\u00e8tre | Anasounds<\/title>\n<meta name=\"description\" content=\"C\u00e2ble pour haut parleur Sommercable Magellan SPK225 au m\u00e8tre, pour relier l&#039;ampli au cab avec un c\u00e2ble sur mesure de qualit\u00e9 !\" \/>\n<meta name=\"robots\" content=\"index, follow, max-snippet:-1, max-image-preview:large, max-video-preview:-1\" \/>\n<link rel=\"canonical\" href=\"https:\/\/anasounds.com\/fr\/produit\/sommercable-magellan-spk225-cable-pour-haut-parleur-au-metre\/\" \/>\n<meta property=\"og:locale\" content=\"fr_FR\" \/>\n<meta property=\"og:type\" content=\"article\" \/>\n<meta property=\"og:title\" content=\"sommercable magellan spk225 | c\u00e2ble pour haut parleur | au m\u00e8tre | Anasounds\" \/>\n<meta property=\"og:description\" content=\"C\u00e2ble pour haut parleur Sommercable Magellan SPK225 au m\u00e8tre, pour relier l&#039;ampli au cab avec un c\u00e2ble sur mesure de qualit\u00e9 !\" \/>\n<meta property=\"og:url\" content=\"https:\/\/anasounds.com\/fr\/produit\/sommercable-magellan-spk225-cable-pour-haut-parleur-au-metre\/\" \/>\n<meta property=\"og:site_name\" content=\"Anasounds\" \/>\n<meta property=\"article:publisher\" content=\"https:\/\/www.facebook.com\/AnasoundsFX\/\" \/>\n<meta property=\"article:modified_time\" content=\"2026-04-27T08:09:01+00:00\" \/>\n<meta property=\"og:image\" content=\"https:\/\/anasounds.com\/wp-content\/uploads\/2021\/04\/magellan-spk225-1.jpg\" \/>\n\t<meta property=\"og:image:width\" content=\"520\" \/>\n\t<meta property=\"og:image:height\" content=\"520\" \/>\n\t<meta property=\"og:image:type\" content=\"image\/jpeg\" \/>\n<meta name=\"twitter:card\" content=\"summary_large_image\" \/>\n<meta name=\"twitter:label1\" content=\"Dur\u00e9e de lecture estim\u00e9e\" \/>\n\t<meta name=\"twitter:data1\" content=\"1 minute\" \/>\n<script type=\"application\/ld+json\" class=\"yoast-schema-graph\">{\"@context\":\"https:\/\/schema.org\",\"@graph\":[{\"@type\":\"WebPage\",\"@id\":\"https:\/\/anasounds.com\/fr\/produit\/sommercable-magellan-spk225-cable-pour-haut-parleur-au-metre\/\",\"url\":\"https:\/\/anasounds.com\/fr\/produit\/sommercable-magellan-spk225-cable-pour-haut-parleur-au-metre\/\",\"name\":\"sommercable magellan spk225 | c\u00e2ble pour haut parleur | au m\u00e8tre | Anasounds\",\"isPartOf\":{\"@id\":\"https:\/\/anasounds.com\/#website\"},\"primaryImageOfPage\":{\"@id\":\"https:\/\/anasounds.com\/fr\/produit\/sommercable-magellan-spk225-cable-pour-haut-parleur-au-metre\/#primaryimage\"},\"image\":{\"@id\":\"https:\/\/anasounds.com\/fr\/produit\/sommercable-magellan-spk225-cable-pour-haut-parleur-au-metre\/#primaryimage\"},\"thumbnailUrl\":\"https:\/\/anasounds.com\/wp-content\/uploads\/2021\/04\/magellan-spk225-1.jpg\",\"datePublished\":\"2021-04-08T08:14:22+00:00\",\"dateModified\":\"2026-04-27T08:09:01+00:00\",\"description\":\"C\u00e2ble pour haut parleur Sommercable Magellan SPK225 au m\u00e8tre, pour relier l'ampli au cab avec un c\u00e2ble sur mesure de qualit\u00e9 !\",\"breadcrumb\":{\"@id\":\"https:\/\/anasounds.com\/fr\/produit\/sommercable-magellan-spk225-cable-pour-haut-parleur-au-metre\/#breadcrumb\"},\"inLanguage\":\"fr-FR\",\"potentialAction\":[{\"@type\":\"ReadAction\",\"target\":[\"https:\/\/anasounds.com\/fr\/produit\/sommercable-magellan-spk225-cable-pour-haut-parleur-au-metre\/\"]}]},{\"@type\":\"ImageObject\",\"inLanguage\":\"fr-FR\",\"@id\":\"https:\/\/anasounds.com\/fr\/produit\/sommercable-magellan-spk225-cable-pour-haut-parleur-au-metre\/#primaryimage\",\"url\":\"https:\/\/anasounds.com\/wp-content\/uploads\/2021\/04\/magellan-spk225-1.jpg\",\"contentUrl\":\"https:\/\/anasounds.com\/wp-content\/uploads\/2021\/04\/magellan-spk225-1.jpg\",\"width\":520,\"height\":520},{\"@type\":\"BreadcrumbList\",\"@id\":\"https:\/\/anasounds.com\/fr\/produit\/sommercable-magellan-spk225-cable-pour-haut-parleur-au-metre\/#breadcrumb\",\"itemListElement\":[{\"@type\":\"ListItem\",\"position\":1,\"name\":\"Home\",\"item\":\"https:\/\/anasounds.com\/fr\/\"},{\"@type\":\"ListItem\",\"position\":2,\"name\":\"boutique\",\"item\":\"https:\/\/anasounds.com\/fr\/shop\/\"},{\"@type\":\"ListItem\",\"position\":3,\"name\":\"sommercable magellan spk225 | c\u00e2ble pour haut parleur | au m\u00e8tre\"}]},{\"@type\":\"WebSite\",\"@id\":\"https:\/\/anasounds.com\/#website\",\"url\":\"https:\/\/anasounds.com\/\",\"name\":\"Anasounds\",\"description\":\"P\u00e9dales \u00e0 la Fran\u00e7aise\",\"publisher\":{\"@id\":\"https:\/\/anasounds.com\/#organization\"},\"potentialAction\":[{\"@type\":\"SearchAction\",\"target\":{\"@type\":\"EntryPoint\",\"urlTemplate\":\"https:\/\/anasounds.com\/?s={search_term_string}\"},\"query-input\":{\"@type\":\"PropertyValueSpecification\",\"valueRequired\":true,\"valueName\":\"search_term_string\"}}],\"inLanguage\":\"fr-FR\"},{\"@type\":\"Organization\",\"@id\":\"https:\/\/anasounds.com\/#organization\",\"name\":\"Anasounds\",\"url\":\"https:\/\/anasounds.com\/\",\"logo\":{\"@type\":\"ImageObject\",\"inLanguage\":\"fr-FR\",\"@id\":\"https:\/\/anasounds.com\/#\/schema\/logo\/image\/\",\"url\":\"https:\/\/anasounds.com\/wp-content\/uploads\/2017\/10\/Logomadeinfrnoirblc.png\",\"contentUrl\":\"https:\/\/anasounds.com\/wp-content\/uploads\/2017\/10\/Logomadeinfrnoirblc.png\",\"width\":300,\"height\":300,\"caption\":\"Anasounds\"},\"image\":{\"@id\":\"https:\/\/anasounds.com\/#\/schema\/logo\/image\/\"},\"sameAs\":[\"https:\/\/www.facebook.com\/AnasoundsFX\/\",\"https:\/\/www.instagram.com\/anasounds\/\",\"https:\/\/www.youtube.com\/user\/AnaSoundsFR\"]}]}<\/script>\n<!-- \/ Yoast SEO plugin. -->","yoast_head_json":{"title":"sommercable magellan spk225 | c\u00e2ble pour haut parleur | au m\u00e8tre | Anasounds","description":"C\u00e2ble pour haut parleur Sommercable Magellan SPK225 au m\u00e8tre, pour relier l'ampli au cab avec un c\u00e2ble sur mesure de qualit\u00e9 !","robots":{"index":"index","follow":"follow","max-snippet":"max-snippet:-1","max-image-preview":"max-image-preview:large","max-video-preview":"max-video-preview:-1"},"canonical":"https:\/\/anasounds.com\/fr\/produit\/sommercable-magellan-spk225-cable-pour-haut-parleur-au-metre\/","og_locale":"fr_FR","og_type":"article","og_title":"sommercable magellan spk225 | c\u00e2ble pour haut parleur | au m\u00e8tre | Anasounds","og_description":"C\u00e2ble pour haut parleur Sommercable Magellan SPK225 au m\u00e8tre, pour relier l'ampli au cab avec un c\u00e2ble sur mesure de qualit\u00e9 !","og_url":"https:\/\/anasounds.com\/fr\/produit\/sommercable-magellan-spk225-cable-pour-haut-parleur-au-metre\/","og_site_name":"Anasounds","article_publisher":"https:\/\/www.facebook.com\/AnasoundsFX\/","article_modified_time":"2026-04-27T08:09:01+00:00","og_image":[{"width":520,"height":520,"url":"https:\/\/anasounds.com\/wp-content\/uploads\/2021\/04\/magellan-spk225-1.jpg","type":"image\/jpeg"}],"twitter_card":"summary_large_image","twitter_misc":{"Dur\u00e9e de lecture estim\u00e9e":"1 minute"},"schema":{"@context":"https:\/\/schema.org","@graph":[{"@type":"WebPage","@id":"https:\/\/anasounds.com\/fr\/produit\/sommercable-magellan-spk225-cable-pour-haut-parleur-au-metre\/","url":"https:\/\/anasounds.com\/fr\/produit\/sommercable-magellan-spk225-cable-pour-haut-parleur-au-metre\/","name":"sommercable magellan spk225 | c\u00e2ble pour haut parleur | au m\u00e8tre | Anasounds","isPartOf":{"@id":"https:\/\/anasounds.com\/#website"},"primaryImageOfPage":{"@id":"https:\/\/anasounds.com\/fr\/produit\/sommercable-magellan-spk225-cable-pour-haut-parleur-au-metre\/#primaryimage"},"image":{"@id":"https:\/\/anasounds.com\/fr\/produit\/sommercable-magellan-spk225-cable-pour-haut-parleur-au-metre\/#primaryimage"},"thumbnailUrl":"https:\/\/anasounds.com\/wp-content\/uploads\/2021\/04\/magellan-spk225-1.jpg","datePublished":"2021-04-08T08:14:22+00:00","dateModified":"2026-04-27T08:09:01+00:00","description":"C\u00e2ble pour haut parleur Sommercable Magellan SPK225 au m\u00e8tre, pour relier l'ampli au cab avec un c\u00e2ble sur mesure de qualit\u00e9 !","breadcrumb":{"@id":"https:\/\/anasounds.com\/fr\/produit\/sommercable-magellan-spk225-cable-pour-haut-parleur-au-metre\/#breadcrumb"},"inLanguage":"fr-FR","potentialAction":[{"@type":"ReadAction","target":["https:\/\/anasounds.com\/fr\/produit\/sommercable-magellan-spk225-cable-pour-haut-parleur-au-metre\/"]}]},{"@type":"ImageObject","inLanguage":"fr-FR","@id":"https:\/\/anasounds.com\/fr\/produit\/sommercable-magellan-spk225-cable-pour-haut-parleur-au-metre\/#primaryimage","url":"https:\/\/anasounds.com\/wp-content\/uploads\/2021\/04\/magellan-spk225-1.jpg","contentUrl":"https:\/\/anasounds.com\/wp-content\/uploads\/2021\/04\/magellan-spk225-1.jpg","width":520,"height":520},{"@type":"BreadcrumbList","@id":"https:\/\/anasounds.com\/fr\/produit\/sommercable-magellan-spk225-cable-pour-haut-parleur-au-metre\/#breadcrumb","itemListElement":[{"@type":"ListItem","position":1,"name":"Home","item":"https:\/\/anasounds.com\/fr\/"},{"@type":"ListItem","position":2,"name":"boutique","item":"https:\/\/anasounds.com\/fr\/shop\/"},{"@type":"ListItem","position":3,"name":"sommercable magellan spk225 | c\u00e2ble pour haut parleur | au m\u00e8tre"}]},{"@type":"WebSite","@id":"https:\/\/anasounds.com\/#website","url":"https:\/\/anasounds.com\/","name":"Anasounds","description":"P\u00e9dales \u00e0 la Fran\u00e7aise","publisher":{"@id":"https:\/\/anasounds.com\/#organization"},"potentialAction":[{"@type":"SearchAction","target":{"@type":"EntryPoint","urlTemplate":"https:\/\/anasounds.com\/?s={search_term_string}"},"query-input":{"@type":"PropertyValueSpecification","valueRequired":true,"valueName":"search_term_string"}}],"inLanguage":"fr-FR"},{"@type":"Organization","@id":"https:\/\/anasounds.com\/#organization","name":"Anasounds","url":"https:\/\/anasounds.com\/","logo":{"@type":"ImageObject","inLanguage":"fr-FR","@id":"https:\/\/anasounds.com\/#\/schema\/logo\/image\/","url":"https:\/\/anasounds.com\/wp-content\/uploads\/2017\/10\/Logomadeinfrnoirblc.png","contentUrl":"https:\/\/anasounds.com\/wp-content\/uploads\/2017\/10\/Logomadeinfrnoirblc.png","width":300,"height":300,"caption":"Anasounds"},"image":{"@id":"https:\/\/anasounds.com\/#\/schema\/logo\/image\/"},"sameAs":["https:\/\/www.facebook.com\/AnasoundsFX\/","https:\/\/www.instagram.com\/anasounds\/","https:\/\/www.youtube.com\/user\/AnaSoundsFR"]}]}},"_links":{"self":[{"href":"https:\/\/anasounds.com\/fr\/wp-json\/wp\/v2\/product\/61881","targetHints":{"allow":["GET"]}}],"collection":[{"href":"https:\/\/anasounds.com\/fr\/wp-json\/wp\/v2\/product"}],"about":[{"href":"https:\/\/anasounds.com\/fr\/wp-json\/wp\/v2\/types\/product"}],"replies":[{"embeddable":true,"href":"https:\/\/anasounds.com\/fr\/wp-json\/wp\/v2\/comments?post=61881"}],"wp:featuredmedia":[{"embeddable":true,"href":"https:\/\/anasounds.com\/fr\/wp-json\/wp\/v2\/media\/62483"}],"wp:attachment":[{"href":"https:\/\/anasounds.com\/fr\/wp-json\/wp\/v2\/media?parent=61881"}],"wp:term":[{"taxonomy":"product_brand","embeddable":true,"href":"https:\/\/anasounds.com\/fr\/wp-json\/wp\/v2\/product_brand?post=61881"},{"taxonomy":"product_cat","embeddable":true,"href":"https:\/\/anasounds.com\/fr\/wp-json\/wp\/v2\/product_cat?post=61881"},{"taxonomy":"product_tag","embeddable":true,"href":"https:\/\/anasounds.com\/fr\/wp-json\/wp\/v2\/product_tag?post=61881"}],"curies":[{"name":"wp","href":"https:\/\/api.w.org\/{rel}","templated":true}]}}